{"id":1910,"date":"2026-03-18T10:17:44","date_gmt":"2026-03-18T09:17:44","guid":{"rendered":"https:\/\/www.fondationdonbosco.org\/?post_type=project&#038;p=1910"},"modified":"2026-03-18T10:17:46","modified_gmt":"2026-03-18T09:17:46","slug":"refrains-du-ciel-album-musical-de-frere-benjamin","status":"publish","type":"project","link":"https:\/\/www.fondationdonbosco.org\/en\/projet\/refrains-du-ciel-album-musical-de-frere-benjamin\/","title":{"rendered":"\u00abRefrains du Ciel\u00bb - Musical album by Fr\u00e8re Benjamin"},"content":{"rendered":"<p>A tool for evangelization and prayer, this album is intended for and accessible to all.<\/p>\n\n\n\n<p>For many years now, Brother Benjamin, a Salesian from Don Bosco, has been leading \u00abface-to-face\u00bb prayer evenings across France and online on Friday evenings (YouTube &amp; Instagram).<\/p>\n\n\n\n<h2 class=\"wp-block-heading\">The project<\/h2>\n\n\n\n<p>Faced with the growing number of testimonies of improved well-being during these prayer vigils, and the increasing number of people asking him how to find these songs, Brother Benjamin finally discerned a potential call from the Holy Spirit to create an album that would enable people to experience and relive the many graces of prayer through song.<\/p>\n\n\n\n<p>These are not songs as such, but short refrains in the style of the \u00abTaiz\u00e9 refrains\u00bb. The latter are the fruit of improvisation. They are short, repetitive, and lead to interiority and a depth of prayer such that conversions, healings and comforts multiply.<\/p>\n\n\n\n<p>\u2013&gt; <strong>The aim of this album<\/strong> is to make these refrains accessible at all times (musical platforms, album), with the same \u00abatmosphere\u00bb of recollection, so that while listening to the album, people can immerse themselves in prayer, while driving, cooking, jogging, etc. It's a <strong>genuine \u00abtool\u00bb for prayer<\/strong>, better a school of prayer.<\/p>\n\n\n\n<div class=\"wp-block-group is-layout-grid wp-container-core-group-is-layout-478b6e6b wp-block-group-is-layout-grid\">\n<figure class=\"wp-block-image size-full\"><img decoding=\"async\" width=\"143\" height=\"215\" src=\"https:\/\/www.fondationdonbosco.org\/wp-content\/uploads\/2026\/03\/refrain-24-510-photo-2-min-143x215-1.jpg\" alt=\"\" class=\"wp-image-1911\" srcset=\"https:\/\/www.fondationdonbosco.org\/wp-content\/uploads\/2026\/03\/refrain-24-510-photo-2-min-143x215-1.jpg 143w, https:\/\/www.fondationdonbosco.org\/wp-content\/uploads\/2026\/03\/refrain-24-510-photo-2-min-143x215-1-47x70.jpg 47w\" sizes=\"(max-width: 143px) 100vw, 143px\" \/><\/figure>\n\n\n\n<figure class=\"wp-block-image size-full\"><img decoding=\"async\" width=\"143\" height=\"215\" src=\"https:\/\/www.fondationdonbosco.org\/wp-content\/uploads\/2026\/03\/refrain-24-510-photo-3-min-143x215-1.jpg\" alt=\"\" class=\"wp-image-1912\" srcset=\"https:\/\/www.fondationdonbosco.org\/wp-content\/uploads\/2026\/03\/refrain-24-510-photo-3-min-143x215-1.jpg 143w, https:\/\/www.fondationdonbosco.org\/wp-content\/uploads\/2026\/03\/refrain-24-510-photo-3-min-143x215-1-47x70.jpg 47w\" sizes=\"(max-width: 143px) 100vw, 143px\" \/><\/figure>\n\n\n\n<figure class=\"wp-block-image size-full\"><img decoding=\"async\" width=\"143\" height=\"215\" src=\"https:\/\/www.fondationdonbosco.org\/wp-content\/uploads\/2026\/03\/refrain-24-510-photo-6-min-143x215-1.jpg\" alt=\"\" class=\"wp-image-1913\" srcset=\"https:\/\/www.fondationdonbosco.org\/wp-content\/uploads\/2026\/03\/refrain-24-510-photo-6-min-143x215-1.jpg 143w, https:\/\/www.fondationdonbosco.org\/wp-content\/uploads\/2026\/03\/refrain-24-510-photo-6-min-143x215-1-47x70.jpg 47w\" sizes=\"(max-width: 143px) 100vw, 143px\" \/><\/figure>\n<\/div>\n\n\n\n<h2 class=\"wp-block-heading\">Implementation<\/h2>\n\n\n\n<p>The project, produced by the famous group HOPEN, brings together amateur and professional singers:<\/p>\n\n\n\n<ul class=\"wp-block-list\">\n<li>choir students from one of our homes, <a href=\"https:\/\/giel-don-bosco.org\/\">Giel Don Bosco<\/a>, as well as a student's mom.<\/li>\n\n\n\n<li>Notre Dame Mother of Light \u2013 <a href=\"https:\/\/www.youtube.com\/@NDML\">NDML<\/a> (550,000 subscribers on YouTube) <\/li>\n\n\n\n<li><a href=\"https:\/\/www.youtube.com\/channel\/UCm4cMXfCbdAsvNeojdAUtsA\">Pauline Betuel<\/a>, famous praise singer <\/li>\n\n\n\n<li>Claude Makeda (fabulous singer of Guetteurs)<\/li>\n\n\n\n<li>Saorse and Joseph Arduin (niece\/nephew of fr\u00e8re Benjamin)<\/li>\n<\/ul>\n\n\n\n<p>The realization took place on Saturday October 26 and Sunday October 27, 2024, of artist residency at Giel Don Bosco in the community chapel, wood and carpet, round, nice aesthetics.<\/p>\n\n\n\n<p>The style of the project is unprecedented in the French-speaking world, with short refrains (Taiz\u00e9 format) but with a modern, pop, modern gospel style.<\/p>\n\n\n\n<p>Discover Fr\u00e8re Benjamin's new video \u00ab\u00a0<a href=\"https:\/\/www.youtube.com\/watch?v=rSI4zEBYAHs\">My heart in your hand<\/a>\u00ab\u00a0. <\/p>\n\n\n\n<div class=\"wp-block-group is-layout-grid wp-container-core-group-is-layout-b757edec wp-block-group-is-layout-grid\">\n<figure class=\"wp-block-image size-full\"><img loading=\"lazy\" decoding=\"async\" width=\"323\" height=\"215\" src=\"https:\/\/www.fondationdonbosco.org\/wp-content\/uploads\/2026\/03\/refrain-24-510-photo-5-min-323x215-1.jpg\" alt=\"\" class=\"wp-image-1914\" srcset=\"https:\/\/www.fondationdonbosco.org\/wp-content\/uploads\/2026\/03\/refrain-24-510-photo-5-min-323x215-1.jpg 323w, https:\/\/www.fondationdonbosco.org\/wp-content\/uploads\/2026\/03\/refrain-24-510-photo-5-min-323x215-1-300x200.jpg 300w, https:\/\/www.fondationdonbosco.org\/wp-content\/uploads\/2026\/03\/refrain-24-510-photo-5-min-323x215-1-105x70.jpg 105w\" sizes=\"(max-width: 323px) 100vw, 323px\" \/><\/figure>\n\n\n\n<figure class=\"wp-block-image size-full\"><img loading=\"lazy\" decoding=\"async\" width=\"323\" height=\"215\" src=\"https:\/\/www.fondationdonbosco.org\/wp-content\/uploads\/2026\/03\/refrain-24-510-photo-4-323x215-1.jpg\" alt=\"\" class=\"wp-image-1915\" srcset=\"https:\/\/www.fondationdonbosco.org\/wp-content\/uploads\/2026\/03\/refrain-24-510-photo-4-323x215-1.jpg 323w, https:\/\/www.fondationdonbosco.org\/wp-content\/uploads\/2026\/03\/refrain-24-510-photo-4-323x215-1-300x200.jpg 300w, https:\/\/www.fondationdonbosco.org\/wp-content\/uploads\/2026\/03\/refrain-24-510-photo-4-323x215-1-105x70.jpg 105w\" sizes=\"(max-width: 323px) 100vw, 323px\" \/><\/figure>\n<\/div>\n\n\n\n<p><\/p>","protected":false},"author":2,"featured_media":1916,"template":"","area-of-intervention":[7],"class_list":["post-1910","project","type-project","status-publish","has-post-thumbnail","hentry","area-of-intervention-pastorale"],"acf":[],"yoast_head":"<!-- This site is optimized with the Yoast SEO plugin v27.2 - https:\/\/yoast.com\/product\/yoast-seo-wordpress\/ -->\n<title>&quot;Refrains du Ciel&quot; - Album musical de Fr\u00e8re Benjamin - Fondation Don Bosco<\/title>\n<meta name=\"description\" content=\"Outil d&#039;\u00e9vang\u00e9lisation et de pri\u00e8res, cet album est destin\u00e9 et accessibles \u00e0 tous. Depuis des ann\u00e9es, fr\u00e8re Benjamin, sal\u00e9sien de Don Bosco, anime des\" \/>\n<meta name=\"robots\" content=\"index, follow, max-snippet:-1, max-image-preview:large, max-video-preview:-1\" \/>\n<link rel=\"canonical\" href=\"https:\/\/www.fondationdonbosco.org\/en\/projet\/refrains-du-ciel-album-musical-de-frere-benjamin\/\" \/>\n<meta property=\"og:locale\" content=\"en_US\" \/>\n<meta property=\"og:type\" content=\"article\" \/>\n<meta property=\"og:title\" content=\"&quot;Refrains du Ciel&quot; - Album musical de Fr\u00e8re Benjamin - Fondation Don Bosco\" \/>\n<meta property=\"og:description\" content=\"Outil d&#039;\u00e9vang\u00e9lisation et de pri\u00e8res, cet album est destin\u00e9 et accessibles \u00e0 tous. Depuis des ann\u00e9es, fr\u00e8re Benjamin, sal\u00e9sien de Don Bosco, anime des\" \/>\n<meta property=\"og:url\" content=\"https:\/\/www.fondationdonbosco.org\/en\/projet\/refrains-du-ciel-album-musical-de-frere-benjamin\/\" \/>\n<meta property=\"og:site_name\" content=\"Fondation Don Bosco\" \/>\n<meta property=\"article:modified_time\" content=\"2026-03-18T09:17:46+00:00\" \/>\n<meta property=\"og:image\" content=\"https:\/\/www.fondationdonbosco.org\/wp-content\/uploads\/2026\/03\/refrain-0-photo-principale-redim-360x203-1.png\" \/>\n\t<meta property=\"og:image:width\" content=\"360\" \/>\n\t<meta property=\"og:image:height\" content=\"203\" \/>\n\t<meta property=\"og:image:type\" content=\"image\/png\" \/>\n<meta name=\"twitter:card\" content=\"summary_large_image\" \/>\n<meta name=\"twitter:label1\" content=\"Est. reading time\" \/>\n\t<meta name=\"twitter:data1\" content=\"3 minutes\" \/>\n<script type=\"application\/ld+json\" class=\"yoast-schema-graph\">{\"@context\":\"https:\/\/schema.org\",\"@graph\":[{\"@type\":\"WebPage\",\"@id\":\"https:\/\/www.fondationdonbosco.org\/projet\/refrains-du-ciel-album-musical-de-frere-benjamin\/\",\"url\":\"https:\/\/www.fondationdonbosco.org\/projet\/refrains-du-ciel-album-musical-de-frere-benjamin\/\",\"name\":\"\\\"Refrains du Ciel\\\" - Album musical de Fr\u00e8re Benjamin - Fondation Don Bosco\",\"isPartOf\":{\"@id\":\"https:\/\/www.fondationdonbosco.org\/#website\"},\"primaryImageOfPage\":{\"@id\":\"https:\/\/www.fondationdonbosco.org\/projet\/refrains-du-ciel-album-musical-de-frere-benjamin\/#primaryimage\"},\"image\":{\"@id\":\"https:\/\/www.fondationdonbosco.org\/projet\/refrains-du-ciel-album-musical-de-frere-benjamin\/#primaryimage\"},\"thumbnailUrl\":\"https:\/\/www.fondationdonbosco.org\/wp-content\/uploads\/2026\/03\/refrain-0-photo-principale-redim-360x203-1.png\",\"datePublished\":\"2026-03-18T09:17:44+00:00\",\"dateModified\":\"2026-03-18T09:17:46+00:00\",\"description\":\"Outil d'\u00e9vang\u00e9lisation et de pri\u00e8res, cet album est destin\u00e9 et accessibles \u00e0 tous. Depuis des ann\u00e9es, fr\u00e8re Benjamin, sal\u00e9sien de Don Bosco, anime des\",\"breadcrumb\":{\"@id\":\"https:\/\/www.fondationdonbosco.org\/projet\/refrains-du-ciel-album-musical-de-frere-benjamin\/#breadcrumb\"},\"inLanguage\":\"en-US\",\"potentialAction\":[{\"@type\":\"ReadAction\",\"target\":[\"https:\/\/www.fondationdonbosco.org\/projet\/refrains-du-ciel-album-musical-de-frere-benjamin\/\"]}]},{\"@type\":\"ImageObject\",\"inLanguage\":\"en-US\",\"@id\":\"https:\/\/www.fondationdonbosco.org\/projet\/refrains-du-ciel-album-musical-de-frere-benjamin\/#primaryimage\",\"url\":\"https:\/\/www.fondationdonbosco.org\/wp-content\/uploads\/2026\/03\/refrain-0-photo-principale-redim-360x203-1.png\",\"contentUrl\":\"https:\/\/www.fondationdonbosco.org\/wp-content\/uploads\/2026\/03\/refrain-0-photo-principale-redim-360x203-1.png\",\"width\":360,\"height\":203},{\"@type\":\"BreadcrumbList\",\"@id\":\"https:\/\/www.fondationdonbosco.org\/projet\/refrains-du-ciel-album-musical-de-frere-benjamin\/#breadcrumb\",\"itemListElement\":[{\"@type\":\"ListItem\",\"position\":1,\"name\":\"Accueil\",\"item\":\"https:\/\/www.fondationdonbosco.org\/\"},{\"@type\":\"ListItem\",\"position\":2,\"name\":\"\u00ab\u00a0Refrains du Ciel\u00a0\u00bb &#8211; Album musical de Fr\u00e8re Benjamin\"}]},{\"@type\":\"WebSite\",\"@id\":\"https:\/\/www.fondationdonbosco.org\/#website\",\"url\":\"https:\/\/www.fondationdonbosco.org\/\",\"name\":\"Fondation Don Bosco\",\"description\":\"Fondation reconnue d\u2019utilit\u00e9 publique depuis 1986\",\"potentialAction\":[{\"@type\":\"SearchAction\",\"target\":{\"@type\":\"EntryPoint\",\"urlTemplate\":\"https:\/\/www.fondationdonbosco.org\/?s={search_term_string}\"},\"query-input\":{\"@type\":\"PropertyValueSpecification\",\"valueRequired\":true,\"valueName\":\"search_term_string\"}}],\"inLanguage\":\"en-US\"}]}<\/script>\n<!-- \/ Yoast SEO plugin. -->","yoast_head_json":{"title":"\"Refrains du Ciel\" - Album musical de Fr\u00e8re Benjamin - Fondation Don Bosco","description":"Outil d'\u00e9vang\u00e9lisation et de pri\u00e8res, cet album est destin\u00e9 et accessibles \u00e0 tous. Depuis des ann\u00e9es, fr\u00e8re Benjamin, sal\u00e9sien de Don Bosco, anime des","robots":{"index":"index","follow":"follow","max-snippet":"max-snippet:-1","max-image-preview":"max-image-preview:large","max-video-preview":"max-video-preview:-1"},"canonical":"https:\/\/www.fondationdonbosco.org\/en\/projet\/refrains-du-ciel-album-musical-de-frere-benjamin\/","og_locale":"en_US","og_type":"article","og_title":"\"Refrains du Ciel\" - Album musical de Fr\u00e8re Benjamin - Fondation Don Bosco","og_description":"Outil d'\u00e9vang\u00e9lisation et de pri\u00e8res, cet album est destin\u00e9 et accessibles \u00e0 tous. Depuis des ann\u00e9es, fr\u00e8re Benjamin, sal\u00e9sien de Don Bosco, anime des","og_url":"https:\/\/www.fondationdonbosco.org\/en\/projet\/refrains-du-ciel-album-musical-de-frere-benjamin\/","og_site_name":"Fondation Don Bosco","article_modified_time":"2026-03-18T09:17:46+00:00","og_image":[{"width":360,"height":203,"url":"https:\/\/www.fondationdonbosco.org\/wp-content\/uploads\/2026\/03\/refrain-0-photo-principale-redim-360x203-1.png","type":"image\/png"}],"twitter_card":"summary_large_image","twitter_misc":{"Est. reading time":"3 minutes"},"schema":{"@context":"https:\/\/schema.org","@graph":[{"@type":"WebPage","@id":"https:\/\/www.fondationdonbosco.org\/projet\/refrains-du-ciel-album-musical-de-frere-benjamin\/","url":"https:\/\/www.fondationdonbosco.org\/projet\/refrains-du-ciel-album-musical-de-frere-benjamin\/","name":"\"Refrains du Ciel\" - Album musical de Fr\u00e8re Benjamin - Fondation Don Bosco","isPartOf":{"@id":"https:\/\/www.fondationdonbosco.org\/#website"},"primaryImageOfPage":{"@id":"https:\/\/www.fondationdonbosco.org\/projet\/refrains-du-ciel-album-musical-de-frere-benjamin\/#primaryimage"},"image":{"@id":"https:\/\/www.fondationdonbosco.org\/projet\/refrains-du-ciel-album-musical-de-frere-benjamin\/#primaryimage"},"thumbnailUrl":"https:\/\/www.fondationdonbosco.org\/wp-content\/uploads\/2026\/03\/refrain-0-photo-principale-redim-360x203-1.png","datePublished":"2026-03-18T09:17:44+00:00","dateModified":"2026-03-18T09:17:46+00:00","description":"Outil d'\u00e9vang\u00e9lisation et de pri\u00e8res, cet album est destin\u00e9 et accessibles \u00e0 tous. Depuis des ann\u00e9es, fr\u00e8re Benjamin, sal\u00e9sien de Don Bosco, anime des","breadcrumb":{"@id":"https:\/\/www.fondationdonbosco.org\/projet\/refrains-du-ciel-album-musical-de-frere-benjamin\/#breadcrumb"},"inLanguage":"en-US","potentialAction":[{"@type":"ReadAction","target":["https:\/\/www.fondationdonbosco.org\/projet\/refrains-du-ciel-album-musical-de-frere-benjamin\/"]}]},{"@type":"ImageObject","inLanguage":"en-US","@id":"https:\/\/www.fondationdonbosco.org\/projet\/refrains-du-ciel-album-musical-de-frere-benjamin\/#primaryimage","url":"https:\/\/www.fondationdonbosco.org\/wp-content\/uploads\/2026\/03\/refrain-0-photo-principale-redim-360x203-1.png","contentUrl":"https:\/\/www.fondationdonbosco.org\/wp-content\/uploads\/2026\/03\/refrain-0-photo-principale-redim-360x203-1.png","width":360,"height":203},{"@type":"BreadcrumbList","@id":"https:\/\/www.fondationdonbosco.org\/projet\/refrains-du-ciel-album-musical-de-frere-benjamin\/#breadcrumb","itemListElement":[{"@type":"ListItem","position":1,"name":"Accueil","item":"https:\/\/www.fondationdonbosco.org\/"},{"@type":"ListItem","position":2,"name":"\u00ab\u00a0Refrains du Ciel\u00a0\u00bb &#8211; Album musical de Fr\u00e8re Benjamin"}]},{"@type":"WebSite","@id":"https:\/\/www.fondationdonbosco.org\/#website","url":"https:\/\/www.fondationdonbosco.org\/","name":"Don Bosco Foundation","description":"Foundation recognized as being of public utility since 1986","potentialAction":[{"@type":"SearchAction","target":{"@type":"EntryPoint","urlTemplate":"https:\/\/www.fondationdonbosco.org\/?s={search_term_string}"},"query-input":{"@type":"PropertyValueSpecification","valueRequired":true,"valueName":"search_term_string"}}],"inLanguage":"en-US"}]}},"_links":{"self":[{"href":"https:\/\/www.fondationdonbosco.org\/en\/wp-json\/wp\/v2\/project\/1910","targetHints":{"allow":["GET"]}}],"collection":[{"href":"https:\/\/www.fondationdonbosco.org\/en\/wp-json\/wp\/v2\/project"}],"about":[{"href":"https:\/\/www.fondationdonbosco.org\/en\/wp-json\/wp\/v2\/types\/project"}],"author":[{"embeddable":true,"href":"https:\/\/www.fondationdonbosco.org\/en\/wp-json\/wp\/v2\/users\/2"}],"version-history":[{"count":1,"href":"https:\/\/www.fondationdonbosco.org\/en\/wp-json\/wp\/v2\/project\/1910\/revisions"}],"predecessor-version":[{"id":1919,"href":"https:\/\/www.fondationdonbosco.org\/en\/wp-json\/wp\/v2\/project\/1910\/revisions\/1919"}],"wp:featuredmedia":[{"embeddable":true,"href":"https:\/\/www.fondationdonbosco.org\/en\/wp-json\/wp\/v2\/media\/1916"}],"wp:attachment":[{"href":"https:\/\/www.fondationdonbosco.org\/en\/wp-json\/wp\/v2\/media?parent=1910"}],"wp:term":[{"taxonomy":"area-of-intervention","embeddable":true,"href":"https:\/\/www.fondationdonbosco.org\/en\/wp-json\/wp\/v2\/area-of-intervention?post=1910"}],"curies":[{"name":"wp","href":"https:\/\/api.w.org\/{rel}","templated":true}]}}