{"id":1523,"date":"2026-03-17T10:22:21","date_gmt":"2026-03-17T09:22:21","guid":{"rendered":"https:\/\/www.fondationdonbosco.org\/?post_type=partner&#038;p=1523"},"modified":"2026-03-27T16:22:35","modified_gmt":"2026-03-27T15:22:35","slug":"solaire-sans-frontiere-ssf","status":"publish","type":"partner","link":"https:\/\/www.fondationdonbosco.org\/en\/partenaire\/solaire-sans-frontiere-ssf\/","title":{"rendered":"Solar Without Borders SSF"},"content":{"rendered":"<p>The association promotes the use of renewable and solar energies in particular to enable increased access to health, education, culture, and sports, and to aid in the development of the local economy.<\/p>\n\n\n\n<p>Solaire Sans Fronti\u00e8res selects the projects submitted to it based on the values that the association defends, as expressed in its ethical charter.<\/p>\n\n\n\n<p>In practice, the association:<\/p>\n\n\n\n<ol class=\"wp-block-list\">\n<li>Voluntarily assist project leaders of non-profits in carrying out their actions in the form of technical support, but without providing funding.<\/li>\n\n\n\n<li>Support for the development of technical training at a local level for the sustainability of facilities.<\/li>\n<\/ol>\n\n\n\n<p>Solaire Sans Fronti\u00e8res is made up of a group of volunteers working, or who have worked, in the photovoltaic solar field. Each person contributes the skills and time they wish to the association.<\/p>\n\n\n\n<ul class=\"wp-block-list\">\n<li>Engagement =&gt; We select projects based on the values we want to uphold and the resources available<\/li>\n\n\n\n<li>Expertise =&gt; We offer our technical skills and experience, and we are committed to carrying out projects with professionalism.<\/li>\n\n\n\n<li>Knowledge Transfer =&gt; We support the training of local stakeholders and NGO staff to ensure sustainable installations and the development of local skills.<\/li>\n\n\n\n<li>Independence =&gt; We act in full political, ideological, and economic independence, both in France and abroad.<\/li>\n\n\n\n<li>Ethics =&gt; We are committed to providing tailored responses that respect the cultures and religions encountered.<\/li>\n\n\n\n<li>Environment =&gt; We are committed to taking into account environmental issues and the real possibilities of supporting sustainable development in the selection and management of projects.<\/li>\n<\/ul>\n\n\n\n<p>Email&nbsp;<a href=\"mailto:contact@ssf-asso.org\">contact@ssf-asso.org<\/a><\/p>\n\n\n\n<p>Solaire sans Fronti\u00e8re \u2013 42 CHEMIN DE LA CIVAUDE \u2013 69440 MORNANT \u2013 <strong>+33 1 01 23 45 67<\/strong><\/p>\n\n\n\n<div class=\"wp-block-group is-layout-grid wp-container-core-group-is-layout-b757edec wp-block-group-is-layout-grid\">\n<figure class=\"wp-block-image size-large\"><img fetchpriority=\"high\" decoding=\"async\" width=\"1024\" height=\"768\" src=\"https:\/\/www.fondationdonbosco.org\/wp-content\/uploads\/2026\/03\/photo-1-2-1024x768.jpg\" alt=\"\" class=\"wp-image-2070\" srcset=\"https:\/\/www.fondationdonbosco.org\/wp-content\/uploads\/2026\/03\/photo-1-2-1024x768.jpg 1024w, https:\/\/www.fondationdonbosco.org\/wp-content\/uploads\/2026\/03\/photo-1-2-300x225.jpg 300w, https:\/\/www.fondationdonbosco.org\/wp-content\/uploads\/2026\/03\/photo-1-2-768x576.jpg 768w, https:\/\/www.fondationdonbosco.org\/wp-content\/uploads\/2026\/03\/photo-1-2-1536x1152.jpg 1536w, https:\/\/www.fondationdonbosco.org\/wp-content\/uploads\/2026\/03\/photo-1-2-2048x1536.jpg 2048w, https:\/\/www.fondationdonbosco.org\/wp-content\/uploads\/2026\/03\/photo-1-2-93x70.jpg 93w\" sizes=\"(max-width: 1024px) 100vw, 1024px\" \/><\/figure>\n\n\n\n<figure class=\"wp-block-image size-large\"><img decoding=\"async\" width=\"1024\" height=\"768\" src=\"https:\/\/www.fondationdonbosco.org\/wp-content\/uploads\/2026\/03\/photo-2-2-1024x768.jpg\" alt=\"\" class=\"wp-image-2071\" srcset=\"https:\/\/www.fondationdonbosco.org\/wp-content\/uploads\/2026\/03\/photo-2-2-1024x768.jpg 1024w, https:\/\/www.fondationdonbosco.org\/wp-content\/uploads\/2026\/03\/photo-2-2-300x225.jpg 300w, https:\/\/www.fondationdonbosco.org\/wp-content\/uploads\/2026\/03\/photo-2-2-768x576.jpg 768w, https:\/\/www.fondationdonbosco.org\/wp-content\/uploads\/2026\/03\/photo-2-2-1536x1152.jpg 1536w, https:\/\/www.fondationdonbosco.org\/wp-content\/uploads\/2026\/03\/photo-2-2-2048x1536.jpg 2048w, https:\/\/www.fondationdonbosco.org\/wp-content\/uploads\/2026\/03\/photo-2-2-93x70.jpg 93w\" sizes=\"(max-width: 1024px) 100vw, 1024px\" \/><\/figure>\n<\/div>\n\n\n\n<div class=\"wp-block-group is-layout-grid wp-container-core-group-is-layout-b757edec wp-block-group-is-layout-grid\">\n<figure class=\"wp-block-image size-large\"><img decoding=\"async\" width=\"1024\" height=\"768\" src=\"https:\/\/www.fondationdonbosco.org\/wp-content\/uploads\/2026\/03\/photo-3-1-1024x768.jpg\" alt=\"\" class=\"wp-image-2072\" srcset=\"https:\/\/www.fondationdonbosco.org\/wp-content\/uploads\/2026\/03\/photo-3-1-1024x768.jpg 1024w, https:\/\/www.fondationdonbosco.org\/wp-content\/uploads\/2026\/03\/photo-3-1-300x225.jpg 300w, https:\/\/www.fondationdonbosco.org\/wp-content\/uploads\/2026\/03\/photo-3-1-768x576.jpg 768w, https:\/\/www.fondationdonbosco.org\/wp-content\/uploads\/2026\/03\/photo-3-1-1536x1152.jpg 1536w, https:\/\/www.fondationdonbosco.org\/wp-content\/uploads\/2026\/03\/photo-3-1-2048x1536.jpg 2048w, https:\/\/www.fondationdonbosco.org\/wp-content\/uploads\/2026\/03\/photo-3-1-93x70.jpg 93w\" sizes=\"(max-width: 1024px) 100vw, 1024px\" \/><figcaption class=\"wp-element-caption\">oplus_2<\/figcaption><\/figure>\n\n\n\n<figure class=\"wp-block-image size-large\"><img loading=\"lazy\" decoding=\"async\" width=\"1024\" height=\"768\" src=\"https:\/\/www.fondationdonbosco.org\/wp-content\/uploads\/2026\/03\/photo-4-1-1024x768.jpg\" alt=\"\" class=\"wp-image-2073\" srcset=\"https:\/\/www.fondationdonbosco.org\/wp-content\/uploads\/2026\/03\/photo-4-1-1024x768.jpg 1024w, https:\/\/www.fondationdonbosco.org\/wp-content\/uploads\/2026\/03\/photo-4-1-300x225.jpg 300w, https:\/\/www.fondationdonbosco.org\/wp-content\/uploads\/2026\/03\/photo-4-1-768x576.jpg 768w, https:\/\/www.fondationdonbosco.org\/wp-content\/uploads\/2026\/03\/photo-4-1-1536x1152.jpg 1536w, https:\/\/www.fondationdonbosco.org\/wp-content\/uploads\/2026\/03\/photo-4-1-2048x1536.jpg 2048w, https:\/\/www.fondationdonbosco.org\/wp-content\/uploads\/2026\/03\/photo-4-1-93x70.jpg 93w\" sizes=\"(max-width: 1024px) 100vw, 1024px\" \/><figcaption class=\"wp-element-caption\">oplus_2<\/figcaption><\/figure>\n<\/div>","protected":false},"featured_media":1526,"template":"","class_list":["post-1523","partner","type-partner","status-publish","has-post-thumbnail","hentry"],"acf":[],"yoast_head":"<!-- This site is optimized with the Yoast SEO plugin v27.2 - https:\/\/yoast.com\/product\/yoast-seo-wordpress\/ -->\n<title>Solaire sans Fronti\u00e8re SSF - Fondation Don Bosco<\/title>\n<meta name=\"description\" content=\"L\u2019association promeut l\u2019usage des \u00e9nergies renouvelables et solaires en particulier afin de permettre un acc\u00e8s accru \u00e0 la sant\u00e9, l\u2019\u00e9ducation, la culture,\" \/>\n<meta name=\"robots\" content=\"index, follow, max-snippet:-1, max-image-preview:large, max-video-preview:-1\" \/>\n<link rel=\"canonical\" href=\"https:\/\/www.fondationdonbosco.org\/en\/partenaire\/solaire-sans-frontiere-ssf\/\" \/>\n<meta property=\"og:locale\" content=\"en_US\" \/>\n<meta property=\"og:type\" content=\"article\" \/>\n<meta property=\"og:title\" content=\"Solaire sans Fronti\u00e8re SSF - Fondation Don Bosco\" \/>\n<meta property=\"og:description\" content=\"L\u2019association promeut l\u2019usage des \u00e9nergies renouvelables et solaires en particulier afin de permettre un acc\u00e8s accru \u00e0 la sant\u00e9, l\u2019\u00e9ducation, la culture,\" \/>\n<meta property=\"og:url\" content=\"https:\/\/www.fondationdonbosco.org\/en\/partenaire\/solaire-sans-frontiere-ssf\/\" \/>\n<meta property=\"og:site_name\" content=\"Fondation Don Bosco\" \/>\n<meta property=\"article:modified_time\" content=\"2026-03-27T15:22:35+00:00\" \/>\n<meta property=\"og:image\" content=\"https:\/\/www.fondationdonbosco.org\/wp-content\/uploads\/2026\/03\/logo-ssf.png\" \/>\n\t<meta property=\"og:image:width\" content=\"366\" \/>\n\t<meta property=\"og:image:height\" content=\"138\" \/>\n\t<meta property=\"og:image:type\" content=\"image\/png\" \/>\n<meta name=\"twitter:card\" content=\"summary_large_image\" \/>\n<meta name=\"twitter:label1\" content=\"Est. reading time\" \/>\n\t<meta name=\"twitter:data1\" content=\"3 minutes\" \/>\n<script type=\"application\/ld+json\" class=\"yoast-schema-graph\">{\"@context\":\"https:\/\/schema.org\",\"@graph\":[{\"@type\":\"WebPage\",\"@id\":\"https:\/\/www.fondationdonbosco.org\/partenaire\/solaire-sans-frontiere-ssf\/\",\"url\":\"https:\/\/www.fondationdonbosco.org\/partenaire\/solaire-sans-frontiere-ssf\/\",\"name\":\"Solaire sans Fronti\u00e8re SSF - Fondation Don Bosco\",\"isPartOf\":{\"@id\":\"https:\/\/www.fondationdonbosco.org\/#website\"},\"primaryImageOfPage\":{\"@id\":\"https:\/\/www.fondationdonbosco.org\/partenaire\/solaire-sans-frontiere-ssf\/#primaryimage\"},\"image\":{\"@id\":\"https:\/\/www.fondationdonbosco.org\/partenaire\/solaire-sans-frontiere-ssf\/#primaryimage\"},\"thumbnailUrl\":\"https:\/\/www.fondationdonbosco.org\/wp-content\/uploads\/2026\/03\/logo-ssf.png\",\"datePublished\":\"2026-03-17T09:22:21+00:00\",\"dateModified\":\"2026-03-27T15:22:35+00:00\",\"description\":\"L\u2019association promeut l\u2019usage des \u00e9nergies renouvelables et solaires en particulier afin de permettre un acc\u00e8s accru \u00e0 la sant\u00e9, l\u2019\u00e9ducation, la culture,\",\"breadcrumb\":{\"@id\":\"https:\/\/www.fondationdonbosco.org\/partenaire\/solaire-sans-frontiere-ssf\/#breadcrumb\"},\"inLanguage\":\"en-US\",\"potentialAction\":[{\"@type\":\"ReadAction\",\"target\":[\"https:\/\/www.fondationdonbosco.org\/partenaire\/solaire-sans-frontiere-ssf\/\"]}]},{\"@type\":\"ImageObject\",\"inLanguage\":\"en-US\",\"@id\":\"https:\/\/www.fondationdonbosco.org\/partenaire\/solaire-sans-frontiere-ssf\/#primaryimage\",\"url\":\"https:\/\/www.fondationdonbosco.org\/wp-content\/uploads\/2026\/03\/logo-ssf.png\",\"contentUrl\":\"https:\/\/www.fondationdonbosco.org\/wp-content\/uploads\/2026\/03\/logo-ssf.png\",\"width\":366,\"height\":138},{\"@type\":\"BreadcrumbList\",\"@id\":\"https:\/\/www.fondationdonbosco.org\/partenaire\/solaire-sans-frontiere-ssf\/#breadcrumb\",\"itemListElement\":[{\"@type\":\"ListItem\",\"position\":1,\"name\":\"Accueil\",\"item\":\"https:\/\/www.fondationdonbosco.org\/\"},{\"@type\":\"ListItem\",\"position\":2,\"name\":\"Solaire sans Fronti\u00e8re SSF\"}]},{\"@type\":\"WebSite\",\"@id\":\"https:\/\/www.fondationdonbosco.org\/#website\",\"url\":\"https:\/\/www.fondationdonbosco.org\/\",\"name\":\"Fondation Don Bosco\",\"description\":\"Fondation reconnue d\u2019utilit\u00e9 publique depuis 1986\",\"potentialAction\":[{\"@type\":\"SearchAction\",\"target\":{\"@type\":\"EntryPoint\",\"urlTemplate\":\"https:\/\/www.fondationdonbosco.org\/?s={search_term_string}\"},\"query-input\":{\"@type\":\"PropertyValueSpecification\",\"valueRequired\":true,\"valueName\":\"search_term_string\"}}],\"inLanguage\":\"en-US\"}]}<\/script>\n<!-- \/ Yoast SEO plugin. -->","yoast_head_json":{"title":"Solaire sans Fronti\u00e8re SSF - Fondation Don Bosco","description":"L\u2019association promeut l\u2019usage des \u00e9nergies renouvelables et solaires en particulier afin de permettre un acc\u00e8s accru \u00e0 la sant\u00e9, l\u2019\u00e9ducation, la culture,","robots":{"index":"index","follow":"follow","max-snippet":"max-snippet:-1","max-image-preview":"max-image-preview:large","max-video-preview":"max-video-preview:-1"},"canonical":"https:\/\/www.fondationdonbosco.org\/en\/partenaire\/solaire-sans-frontiere-ssf\/","og_locale":"en_US","og_type":"article","og_title":"Solaire sans Fronti\u00e8re SSF - Fondation Don Bosco","og_description":"L\u2019association promeut l\u2019usage des \u00e9nergies renouvelables et solaires en particulier afin de permettre un acc\u00e8s accru \u00e0 la sant\u00e9, l\u2019\u00e9ducation, la culture,","og_url":"https:\/\/www.fondationdonbosco.org\/en\/partenaire\/solaire-sans-frontiere-ssf\/","og_site_name":"Fondation Don Bosco","article_modified_time":"2026-03-27T15:22:35+00:00","og_image":[{"width":366,"height":138,"url":"https:\/\/www.fondationdonbosco.org\/wp-content\/uploads\/2026\/03\/logo-ssf.png","type":"image\/png"}],"twitter_card":"summary_large_image","twitter_misc":{"Est. reading time":"3 minutes"},"schema":{"@context":"https:\/\/schema.org","@graph":[{"@type":"WebPage","@id":"https:\/\/www.fondationdonbosco.org\/partenaire\/solaire-sans-frontiere-ssf\/","url":"https:\/\/www.fondationdonbosco.org\/partenaire\/solaire-sans-frontiere-ssf\/","name":"Solaire sans Fronti\u00e8re SSF - Fondation Don Bosco","isPartOf":{"@id":"https:\/\/www.fondationdonbosco.org\/#website"},"primaryImageOfPage":{"@id":"https:\/\/www.fondationdonbosco.org\/partenaire\/solaire-sans-frontiere-ssf\/#primaryimage"},"image":{"@id":"https:\/\/www.fondationdonbosco.org\/partenaire\/solaire-sans-frontiere-ssf\/#primaryimage"},"thumbnailUrl":"https:\/\/www.fondationdonbosco.org\/wp-content\/uploads\/2026\/03\/logo-ssf.png","datePublished":"2026-03-17T09:22:21+00:00","dateModified":"2026-03-27T15:22:35+00:00","description":"L\u2019association promeut l\u2019usage des \u00e9nergies renouvelables et solaires en particulier afin de permettre un acc\u00e8s accru \u00e0 la sant\u00e9, l\u2019\u00e9ducation, la culture,","breadcrumb":{"@id":"https:\/\/www.fondationdonbosco.org\/partenaire\/solaire-sans-frontiere-ssf\/#breadcrumb"},"inLanguage":"en-US","potentialAction":[{"@type":"ReadAction","target":["https:\/\/www.fondationdonbosco.org\/partenaire\/solaire-sans-frontiere-ssf\/"]}]},{"@type":"ImageObject","inLanguage":"en-US","@id":"https:\/\/www.fondationdonbosco.org\/partenaire\/solaire-sans-frontiere-ssf\/#primaryimage","url":"https:\/\/www.fondationdonbosco.org\/wp-content\/uploads\/2026\/03\/logo-ssf.png","contentUrl":"https:\/\/www.fondationdonbosco.org\/wp-content\/uploads\/2026\/03\/logo-ssf.png","width":366,"height":138},{"@type":"BreadcrumbList","@id":"https:\/\/www.fondationdonbosco.org\/partenaire\/solaire-sans-frontiere-ssf\/#breadcrumb","itemListElement":[{"@type":"ListItem","position":1,"name":"Accueil","item":"https:\/\/www.fondationdonbosco.org\/"},{"@type":"ListItem","position":2,"name":"Solaire sans Fronti\u00e8re SSF"}]},{"@type":"WebSite","@id":"https:\/\/www.fondationdonbosco.org\/#website","url":"https:\/\/www.fondationdonbosco.org\/","name":"Don Bosco Foundation","description":"Foundation recognized as being of public utility since 1986","potentialAction":[{"@type":"SearchAction","target":{"@type":"EntryPoint","urlTemplate":"https:\/\/www.fondationdonbosco.org\/?s={search_term_string}"},"query-input":{"@type":"PropertyValueSpecification","valueRequired":true,"valueName":"search_term_string"}}],"inLanguage":"en-US"}]}},"_links":{"self":[{"href":"https:\/\/www.fondationdonbosco.org\/en\/wp-json\/wp\/v2\/partner\/1523","targetHints":{"allow":["GET"]}}],"collection":[{"href":"https:\/\/www.fondationdonbosco.org\/en\/wp-json\/wp\/v2\/partner"}],"about":[{"href":"https:\/\/www.fondationdonbosco.org\/en\/wp-json\/wp\/v2\/types\/partner"}],"version-history":[{"count":2,"href":"https:\/\/www.fondationdonbosco.org\/en\/wp-json\/wp\/v2\/partner\/1523\/revisions"}],"predecessor-version":[{"id":2074,"href":"https:\/\/www.fondationdonbosco.org\/en\/wp-json\/wp\/v2\/partner\/1523\/revisions\/2074"}],"wp:featuredmedia":[{"embeddable":true,"href":"https:\/\/www.fondationdonbosco.org\/en\/wp-json\/wp\/v2\/media\/1526"}],"wp:attachment":[{"href":"https:\/\/www.fondationdonbosco.org\/en\/wp-json\/wp\/v2\/media?parent=1523"}],"curies":[{"name":"wp","href":"https:\/\/api.w.org\/{rel}","templated":true}]}}