{"id":94,"date":"2026-01-29T14:20:29","date_gmt":"2026-01-29T13:20:29","guid":{"rendered":"https:\/\/www.fondationdonbosco.org\/nous-aider\/mecenat-dentreprise\/"},"modified":"2026-03-17T17:23:26","modified_gmt":"2026-03-17T16:23:26","slug":"mecenat-dentreprise","status":"publish","type":"page","link":"https:\/\/www.fondationdonbosco.org\/en\/nous-aider\/mecenat-dentreprise\/","title":{"rendered":"Corporate Sponsorship"},"content":{"rendered":"<div data-elementor-type=\"wp-page\" data-elementor-id=\"94\" class=\"elementor elementor-94\" data-elementor-post-type=\"page\">\n\t\t\t\t<div class=\"elementor-element elementor-element-32b85af8 e-flex e-con-boxed e-con e-parent\" data-id=\"32b85af8\" data-element_type=\"container\" data-e-type=\"container\">\n\t\t\t\t\t<div class=\"e-con-inner\">\n\t\t<div class=\"elementor-element elementor-element-52ede9aa e-con-full e-flex e-con e-child\" data-id=\"52ede9aa\" data-element_type=\"container\" data-e-type=\"container\">\n\t\t<div class=\"elementor-element elementor-element-5000ae1e e-con-full e-flex e-con e-child\" data-id=\"5000ae1e\" data-element_type=\"container\" data-e-type=\"container\">\n\t\t\t\t<div class=\"elementor-element elementor-element-773f53fc elementor-widget elementor-widget-heading\" data-id=\"773f53fc\" data-element_type=\"widget\" data-e-type=\"widget\" data-widget_type=\"heading.default\">\n\t\t\t\t\t<h2 class=\"elementor-heading-title elementor-size-default\">The Don Bosco Foundation supports certain projects thanks to patrons.<\/h2>\t\t\t\t<\/div>\n\t\t<div class=\"elementor-element elementor-element-646697cd e-con-full e-flex e-con e-child\" data-id=\"646697cd\" data-element_type=\"container\" data-e-type=\"container\" data-settings=\"{&quot;background_background&quot;:&quot;classic&quot;}\">\n\t\t\t\t<div class=\"elementor-element elementor-element-6f79caa7 elementor-widget elementor-widget-image\" data-id=\"6f79caa7\" data-element_type=\"widget\" data-e-type=\"widget\" data-widget_type=\"image.default\">\n\t\t\t\t\t\t\t\t\t\t\t\t\t\t\t<img decoding=\"async\" width=\"152\" height=\"153\" src=\"https:\/\/www.fondationdonbosco.org\/wp-content\/uploads\/2026\/03\/fondation-don-bosco-david-crepy.png\" class=\"attachment-large size-large wp-image-944\" alt=\"Fondation Don Bosco David Crepy\" srcset=\"https:\/\/www.fondationdonbosco.org\/wp-content\/uploads\/2026\/03\/fondation-don-bosco-david-crepy.png 152w, https:\/\/www.fondationdonbosco.org\/wp-content\/uploads\/2026\/03\/fondation-don-bosco-david-crepy-150x150.png 150w, https:\/\/www.fondationdonbosco.org\/wp-content\/uploads\/2026\/03\/fondation-don-bosco-david-crepy-100x100.png 100w, https:\/\/www.fondationdonbosco.org\/wp-content\/uploads\/2026\/03\/fondation-don-bosco-david-crepy-70x70.png 70w\" sizes=\"(max-width: 152px) 100vw, 152px\" \/>\t\t\t\t\t\t\t\t\t\t\t\t\t\t\t<\/div>\n\t\t<div class=\"elementor-element elementor-element-5688652b e-con-full e-flex e-con e-child\" data-id=\"5688652b\" data-element_type=\"container\" data-e-type=\"container\">\n\t\t\t\t<div class=\"elementor-element elementor-element-221ed7fd elementor-widget elementor-widget-text-editor\" data-id=\"221ed7fd\" data-element_type=\"widget\" data-e-type=\"widget\" data-widget_type=\"text-editor.default\">\n\t\t\t\t\t\t\t\t\t<p>David Cr\u00e9py<\/p>\t\t\t\t\t\t\t\t<\/div>\n\t\t\t\t<div class=\"elementor-element elementor-element-659f3298 elementor-widget elementor-widget-text-editor\" data-id=\"659f3298\" data-element_type=\"widget\" data-e-type=\"widget\" data-widget_type=\"text-editor.default\">\n\t\t\t\t\t\t\t\t\t<p>Project Manager<\/p>\t\t\t\t\t\t\t\t<\/div>\n\t\t\t\t<\/div>\n\t\t\t\t<\/div>\n\t\t\t\t<\/div>\n\t\t\t\t<\/div>\n\t\t\t\t<div class=\"elementor-element elementor-element-1ac0c222 elementor-widget elementor-widget-image\" data-id=\"1ac0c222\" data-element_type=\"widget\" data-e-type=\"widget\" data-widget_type=\"image.default\">\n\t\t\t\t\t\t\t\t\t\t\t\t\t\t\t<img decoding=\"async\" width=\"340\" height=\"143\" src=\"https:\/\/www.fondationdonbosco.org\/wp-content\/uploads\/2026\/03\/mecene-min-340x143-1.jpg\" class=\"attachment-medium_large size-medium_large wp-image-1676\" alt=\"\" srcset=\"https:\/\/www.fondationdonbosco.org\/wp-content\/uploads\/2026\/03\/mecene-min-340x143-1.jpg 340w, https:\/\/www.fondationdonbosco.org\/wp-content\/uploads\/2026\/03\/mecene-min-340x143-1-300x126.jpg 300w, https:\/\/www.fondationdonbosco.org\/wp-content\/uploads\/2026\/03\/mecene-min-340x143-1-166x70.jpg 166w\" sizes=\"(max-width: 340px) 100vw, 340px\" \/>\t\t\t\t\t\t\t\t\t\t\t\t\t\t\t<\/div>\n\t\t<div class=\"elementor-element elementor-element-2287daae e-grid e-con-full e-con e-child\" data-id=\"2287daae\" data-element_type=\"container\" data-e-type=\"container\">\n\t\t<div class=\"elementor-element elementor-element-38510573 e-con-full e-flex e-con e-child\" data-id=\"38510573\" data-element_type=\"container\" data-e-type=\"container\">\n\t\t\t\t<div class=\"elementor-element elementor-element-4acfc3fc elementor-widget elementor-widget-text-editor\" data-id=\"4acfc3fc\" data-element_type=\"widget\" data-e-type=\"widget\" data-widget_type=\"text-editor.default\">\n\t\t\t\t\t\t\t\t\t<p>Share values, the meaning of our actions, create connections, and become partners!<\/p><p>Your company, regardless of its size, can become <strong>Partner of the Don Bosco Foundation<\/strong>.By supporting our projects on a one-time or ongoing basis, your company develops its philanthropic activity.<\/p><p>Most of the time in cash to support a particular project, your partnership can also be made in kind (donations of equipment, loan of premises...), or in skills (making available employees volunteering for our cause).<\/p>\t\t\t\t\t\t\t\t<\/div>\n\t\t\t\t<div class=\"elementor-element elementor-element-1f30dd67 elementor-widget elementor-widget-heading\" data-id=\"1f30dd67\" data-element_type=\"widget\" data-e-type=\"widget\" data-widget_type=\"heading.default\">\n\t\t\t\t\t<h2 class=\"elementor-heading-title elementor-size-default\">In-kind sponsorship<\/h2>\t\t\t\t<\/div>\n\t\t\t\t<div class=\"elementor-element elementor-element-4aeea8a9 elementor-widget elementor-widget-text-editor\" data-id=\"4aeea8a9\" data-element_type=\"widget\" data-e-type=\"widget\" data-widget_type=\"text-editor.default\">\n\t\t\t\t\t\t\t\t\t<p>Provide material, personnel, or technical resources, or transfer an asset included in fixed assets to stock, or provide services. Some of the establishments in our networks may have needs of this type. Contact us!<\/p>\t\t\t\t\t\t\t\t<\/div>\n\t\t<div class=\"elementor-element elementor-element-1c0a41ee e-con-full e-flex e-con e-child\" data-id=\"1c0a41ee\" data-element_type=\"container\" data-e-type=\"container\">\n\t\t\t\t<div class=\"elementor-element elementor-element-2cc64e5b elementor-widget elementor-widget-heading\" data-id=\"2cc64e5b\" data-element_type=\"widget\" data-e-type=\"widget\" data-widget_type=\"heading.default\">\n\t\t\t\t\t<h2 class=\"elementor-heading-title elementor-size-default\">Skills-based sponsorship<\/h2>\t\t\t\t<\/div>\n\t\t\t\t<div class=\"elementor-element elementor-element-7ab35702 elementor-widget elementor-widget-text-editor\" data-id=\"7ab35702\" data-element_type=\"widget\" data-e-type=\"widget\" data-widget_type=\"text-editor.default\">\n\t\t\t\t\t\t\t\t\t<p>Making voluntary employees available during their work time to serve a cause of general interest, or \u00ablending\u00bb labor. This can involve short-term or long-term technical reinforcements or support for our projects.<\/p><p>You can contact us, whether as an employee or as a company, so that we can build your skills sponsorship together, in line with your know-how and the Foundation's missions.<\/p>\t\t\t\t\t\t\t\t<\/div>\n\t\t\t\t<\/div>\n\t\t\t\t<\/div>\n\t\t<div class=\"elementor-element elementor-element-451bffd e-con-full e-flex e-con e-child\" data-id=\"451bffd\" data-element_type=\"container\" data-e-type=\"container\">\n\t\t\t\t<div class=\"elementor-element elementor-element-edbb927 elementor-widget elementor-widget-heading\" data-id=\"edbb927\" data-element_type=\"widget\" data-e-type=\"widget\" data-widget_type=\"heading.default\">\n\t\t\t\t\t<h2 class=\"elementor-heading-title elementor-size-default\">A solidarity product to involve your customers<\/h2>\t\t\t\t<\/div>\n\t\t\t\t<div class=\"elementor-element elementor-element-7e2d9ee elementor-widget elementor-widget-text-editor\" data-id=\"7e2d9ee\" data-element_type=\"widget\" data-e-type=\"widget\" data-widget_type=\"text-editor.default\">\n\t\t\t\t\t\t\t\t\t<p>A solidarity product allows you to stand out and send a message of generosity to your customers.<br \/>For a product, a portion of the selling price is donated to the Don Bosco Foundation (a non-profit organization). This feature is clearly identified on the product.<br \/>The funds raised from the sale are donated to the Foundation and allow the company to benefit from tax deductions for patronage.<\/p>\t\t\t\t\t\t\t\t<\/div>\n\t\t<div class=\"elementor-element elementor-element-11dc5b2 e-con-full e-flex e-con e-child\" data-id=\"11dc5b2\" data-element_type=\"container\" data-e-type=\"container\">\n\t\t\t\t<div class=\"elementor-element elementor-element-42ef16c elementor-widget elementor-widget-heading\" data-id=\"42ef16c\" data-element_type=\"widget\" data-e-type=\"widget\" data-widget_type=\"heading.default\">\n\t\t\t\t\t<h2 class=\"elementor-heading-title elementor-size-default\">A solidarity project for a team-building operation<\/h2>\t\t\t\t<\/div>\n\t\t\t\t<div class=\"elementor-element elementor-element-ee62c77 elementor-widget elementor-widget-text-editor\" data-id=\"ee62c77\" data-element_type=\"widget\" data-e-type=\"widget\" data-widget_type=\"text-editor.default\">\n\t\t\t\t\t\t\t\t\t<p>During one day, bring your collaborators together around a concrete project benefiting young people. This allows adults and young people to meet, whereas under normal circumstances, they would not interact. It also allows collaborators to unite and buy into their company's commitment.<\/p>\t\t\t\t\t\t\t\t<\/div>\n\t\t\t\t<\/div>\n\t\t\t\t<\/div>\n\t\t\t\t<\/div>\n\t\t\t\t\t<\/div>\n\t\t\t\t<\/div>\n\t\t\t\t<\/div>","protected":false},"excerpt":{"rendered":"<p>La Fondation Don Bosco r\u00e9pond \u00e0 certains projets gr\u00e2ce aux m\u00e9c\u00e8nes David Cr\u00e9py Directeur de projets Partager des valeurs, le sens de nos actions, cr\u00e9er des liens et devenir partenaires\u00a0! [&hellip;]<\/p>\n","protected":false},"author":1,"featured_media":0,"parent":71,"menu_order":1,"comment_status":"closed","ping_status":"closed","template":"","meta":{"_acf_changed":false,"footnotes":""},"class_list":["post-94","page","type-page","status-publish","hentry"],"acf":[],"yoast_head":"<!-- This site is optimized with the Yoast SEO plugin v27.2 - https:\/\/yoast.com\/product\/yoast-seo-wordpress\/ -->\n<title>M\u00e9c\u00e9nat d\u2019entreprise - Fondation Don Bosco<\/title>\n<meta name=\"description\" content=\"La Fondation Don Bosco r\u00e9pond \u00e0 certains projets gr\u00e2ce aux m\u00e9c\u00e8nes David Cr\u00e9pyDirecteur de projets Partager des valeurs, le sens de nos actions, cr\u00e9er des\" \/>\n<meta name=\"robots\" content=\"index, follow, max-snippet:-1, max-image-preview:large, max-video-preview:-1\" \/>\n<link rel=\"canonical\" href=\"https:\/\/www.fondationdonbosco.org\/en\/nous-aider\/mecenat-dentreprise\/\" \/>\n<meta property=\"og:locale\" content=\"en_US\" \/>\n<meta property=\"og:type\" content=\"article\" \/>\n<meta property=\"og:title\" content=\"M\u00e9c\u00e9nat d\u2019entreprise - Fondation Don Bosco\" \/>\n<meta property=\"og:description\" content=\"La Fondation Don Bosco r\u00e9pond \u00e0 certains projets gr\u00e2ce aux m\u00e9c\u00e8nes David Cr\u00e9pyDirecteur de projets Partager des valeurs, le sens de nos actions, cr\u00e9er des\" \/>\n<meta property=\"og:url\" content=\"https:\/\/www.fondationdonbosco.org\/en\/nous-aider\/mecenat-dentreprise\/\" \/>\n<meta property=\"og:site_name\" content=\"Fondation Don Bosco\" \/>\n<meta property=\"article:modified_time\" content=\"2026-03-17T16:23:26+00:00\" \/>\n<meta property=\"og:image\" content=\"https:\/\/www.fondationdonbosco.org\/wp-content\/uploads\/2026\/03\/fondation-don-bosco-david-crepy.png\" \/>\n\t<meta property=\"og:image:width\" content=\"152\" \/>\n\t<meta property=\"og:image:height\" content=\"153\" \/>\n\t<meta property=\"og:image:type\" content=\"image\/png\" \/>\n<meta name=\"twitter:card\" content=\"summary_large_image\" \/>\n<meta name=\"twitter:label1\" content=\"Est. reading time\" \/>\n\t<meta name=\"twitter:data1\" content=\"2 minutes\" \/>\n<script type=\"application\/ld+json\" class=\"yoast-schema-graph\">{\"@context\":\"https:\/\/schema.org\",\"@graph\":[{\"@type\":\"WebPage\",\"@id\":\"https:\/\/www.fondationdonbosco.org\/nous-aider\/mecenat-dentreprise\/\",\"url\":\"https:\/\/www.fondationdonbosco.org\/nous-aider\/mecenat-dentreprise\/\",\"name\":\"M\u00e9c\u00e9nat d\u2019entreprise - Fondation Don Bosco\",\"isPartOf\":{\"@id\":\"https:\/\/www.fondationdonbosco.org\/#website\"},\"primaryImageOfPage\":{\"@id\":\"https:\/\/www.fondationdonbosco.org\/nous-aider\/mecenat-dentreprise\/#primaryimage\"},\"image\":{\"@id\":\"https:\/\/www.fondationdonbosco.org\/nous-aider\/mecenat-dentreprise\/#primaryimage\"},\"thumbnailUrl\":\"https:\/\/www.fondationdonbosco.org\/wp-content\/uploads\/2026\/03\/fondation-don-bosco-david-crepy.png\",\"datePublished\":\"2026-01-29T13:20:29+00:00\",\"dateModified\":\"2026-03-17T16:23:26+00:00\",\"description\":\"La Fondation Don Bosco r\u00e9pond \u00e0 certains projets gr\u00e2ce aux m\u00e9c\u00e8nes David Cr\u00e9pyDirecteur de projets Partager des valeurs, le sens de nos actions, cr\u00e9er des\",\"breadcrumb\":{\"@id\":\"https:\/\/www.fondationdonbosco.org\/nous-aider\/mecenat-dentreprise\/#breadcrumb\"},\"inLanguage\":\"en-US\",\"potentialAction\":[{\"@type\":\"ReadAction\",\"target\":[\"https:\/\/www.fondationdonbosco.org\/nous-aider\/mecenat-dentreprise\/\"]}]},{\"@type\":\"ImageObject\",\"inLanguage\":\"en-US\",\"@id\":\"https:\/\/www.fondationdonbosco.org\/nous-aider\/mecenat-dentreprise\/#primaryimage\",\"url\":\"https:\/\/www.fondationdonbosco.org\/wp-content\/uploads\/2026\/03\/fondation-don-bosco-david-crepy.png\",\"contentUrl\":\"https:\/\/www.fondationdonbosco.org\/wp-content\/uploads\/2026\/03\/fondation-don-bosco-david-crepy.png\"},{\"@type\":\"BreadcrumbList\",\"@id\":\"https:\/\/www.fondationdonbosco.org\/nous-aider\/mecenat-dentreprise\/#breadcrumb\",\"itemListElement\":[{\"@type\":\"ListItem\",\"position\":1,\"name\":\"Accueil\",\"item\":\"https:\/\/www.fondationdonbosco.org\/\"},{\"@type\":\"ListItem\",\"position\":2,\"name\":\"Nous aider\",\"item\":\"https:\/\/www.fondationdonbosco.org\/nous-aider\/\"},{\"@type\":\"ListItem\",\"position\":3,\"name\":\"M\u00e9c\u00e9nat d\u2019entreprise\"}]},{\"@type\":\"WebSite\",\"@id\":\"https:\/\/www.fondationdonbosco.org\/#website\",\"url\":\"https:\/\/www.fondationdonbosco.org\/\",\"name\":\"Fondation Don Bosco\",\"description\":\"Fondation reconnue d\u2019utilit\u00e9 publique depuis 1986\",\"potentialAction\":[{\"@type\":\"SearchAction\",\"target\":{\"@type\":\"EntryPoint\",\"urlTemplate\":\"https:\/\/www.fondationdonbosco.org\/?s={search_term_string}\"},\"query-input\":{\"@type\":\"PropertyValueSpecification\",\"valueRequired\":true,\"valueName\":\"search_term_string\"}}],\"inLanguage\":\"en-US\"}]}<\/script>\n<!-- \/ Yoast SEO plugin. -->","yoast_head_json":{"title":"M\u00e9c\u00e9nat d\u2019entreprise - Fondation Don Bosco","description":"La Fondation Don Bosco r\u00e9pond \u00e0 certains projets gr\u00e2ce aux m\u00e9c\u00e8nes David Cr\u00e9pyDirecteur de projets Partager des valeurs, le sens de nos actions, cr\u00e9er des","robots":{"index":"index","follow":"follow","max-snippet":"max-snippet:-1","max-image-preview":"max-image-preview:large","max-video-preview":"max-video-preview:-1"},"canonical":"https:\/\/www.fondationdonbosco.org\/en\/nous-aider\/mecenat-dentreprise\/","og_locale":"en_US","og_type":"article","og_title":"M\u00e9c\u00e9nat d\u2019entreprise - Fondation Don Bosco","og_description":"La Fondation Don Bosco r\u00e9pond \u00e0 certains projets gr\u00e2ce aux m\u00e9c\u00e8nes David Cr\u00e9pyDirecteur de projets Partager des valeurs, le sens de nos actions, cr\u00e9er des","og_url":"https:\/\/www.fondationdonbosco.org\/en\/nous-aider\/mecenat-dentreprise\/","og_site_name":"Fondation Don Bosco","article_modified_time":"2026-03-17T16:23:26+00:00","og_image":[{"width":152,"height":153,"url":"https:\/\/www.fondationdonbosco.org\/wp-content\/uploads\/2026\/03\/fondation-don-bosco-david-crepy.png","type":"image\/png"}],"twitter_card":"summary_large_image","twitter_misc":{"Est. reading time":"2 minutes"},"schema":{"@context":"https:\/\/schema.org","@graph":[{"@type":"WebPage","@id":"https:\/\/www.fondationdonbosco.org\/nous-aider\/mecenat-dentreprise\/","url":"https:\/\/www.fondationdonbosco.org\/nous-aider\/mecenat-dentreprise\/","name":"M\u00e9c\u00e9nat d\u2019entreprise - Fondation Don Bosco","isPartOf":{"@id":"https:\/\/www.fondationdonbosco.org\/#website"},"primaryImageOfPage":{"@id":"https:\/\/www.fondationdonbosco.org\/nous-aider\/mecenat-dentreprise\/#primaryimage"},"image":{"@id":"https:\/\/www.fondationdonbosco.org\/nous-aider\/mecenat-dentreprise\/#primaryimage"},"thumbnailUrl":"https:\/\/www.fondationdonbosco.org\/wp-content\/uploads\/2026\/03\/fondation-don-bosco-david-crepy.png","datePublished":"2026-01-29T13:20:29+00:00","dateModified":"2026-03-17T16:23:26+00:00","description":"La Fondation Don Bosco r\u00e9pond \u00e0 certains projets gr\u00e2ce aux m\u00e9c\u00e8nes David Cr\u00e9pyDirecteur de projets Partager des valeurs, le sens de nos actions, cr\u00e9er des","breadcrumb":{"@id":"https:\/\/www.fondationdonbosco.org\/nous-aider\/mecenat-dentreprise\/#breadcrumb"},"inLanguage":"en-US","potentialAction":[{"@type":"ReadAction","target":["https:\/\/www.fondationdonbosco.org\/nous-aider\/mecenat-dentreprise\/"]}]},{"@type":"ImageObject","inLanguage":"en-US","@id":"https:\/\/www.fondationdonbosco.org\/nous-aider\/mecenat-dentreprise\/#primaryimage","url":"https:\/\/www.fondationdonbosco.org\/wp-content\/uploads\/2026\/03\/fondation-don-bosco-david-crepy.png","contentUrl":"https:\/\/www.fondationdonbosco.org\/wp-content\/uploads\/2026\/03\/fondation-don-bosco-david-crepy.png"},{"@type":"BreadcrumbList","@id":"https:\/\/www.fondationdonbosco.org\/nous-aider\/mecenat-dentreprise\/#breadcrumb","itemListElement":[{"@type":"ListItem","position":1,"name":"Accueil","item":"https:\/\/www.fondationdonbosco.org\/"},{"@type":"ListItem","position":2,"name":"Nous aider","item":"https:\/\/www.fondationdonbosco.org\/nous-aider\/"},{"@type":"ListItem","position":3,"name":"M\u00e9c\u00e9nat d\u2019entreprise"}]},{"@type":"WebSite","@id":"https:\/\/www.fondationdonbosco.org\/#website","url":"https:\/\/www.fondationdonbosco.org\/","name":"Don Bosco Foundation","description":"Foundation recognized as being of public utility since 1986","potentialAction":[{"@type":"SearchAction","target":{"@type":"EntryPoint","urlTemplate":"https:\/\/www.fondationdonbosco.org\/?s={search_term_string}"},"query-input":{"@type":"PropertyValueSpecification","valueRequired":true,"valueName":"search_term_string"}}],"inLanguage":"en-US"}]}},"_links":{"self":[{"href":"https:\/\/www.fondationdonbosco.org\/en\/wp-json\/wp\/v2\/pages\/94","targetHints":{"allow":["GET"]}}],"collection":[{"href":"https:\/\/www.fondationdonbosco.org\/en\/wp-json\/wp\/v2\/pages"}],"about":[{"href":"https:\/\/www.fondationdonbosco.org\/en\/wp-json\/wp\/v2\/types\/page"}],"author":[{"embeddable":true,"href":"https:\/\/www.fondationdonbosco.org\/en\/wp-json\/wp\/v2\/users\/1"}],"replies":[{"embeddable":true,"href":"https:\/\/www.fondationdonbosco.org\/en\/wp-json\/wp\/v2\/comments?post=94"}],"version-history":[{"count":7,"href":"https:\/\/www.fondationdonbosco.org\/en\/wp-json\/wp\/v2\/pages\/94\/revisions"}],"predecessor-version":[{"id":1679,"href":"https:\/\/www.fondationdonbosco.org\/en\/wp-json\/wp\/v2\/pages\/94\/revisions\/1679"}],"up":[{"embeddable":true,"href":"https:\/\/www.fondationdonbosco.org\/en\/wp-json\/wp\/v2\/pages\/71"}],"wp:attachment":[{"href":"https:\/\/www.fondationdonbosco.org\/en\/wp-json\/wp\/v2\/media?parent=94"}],"curies":[{"name":"wp","href":"https:\/\/api.w.org\/{rel}","templated":true}]}}