{"id":1244,"date":"2026-03-12T15:54:46","date_gmt":"2026-03-12T14:54:46","guid":{"rendered":"https:\/\/www.fondationdonbosco.org\/?page_id=1244"},"modified":"2026-03-12T15:59:53","modified_gmt":"2026-03-12T14:59:53","slug":"modele-de-page-tres-simple","status":"publish","type":"page","link":"https:\/\/www.fondationdonbosco.org\/en\/modele-de-page-tres-simple\/","title":{"rendered":"Very simple page template"},"content":{"rendered":"<div data-elementor-type=\"wp-page\" data-elementor-id=\"1244\" class=\"elementor elementor-1244\" data-elementor-post-type=\"page\">\n\t\t\t\t<div class=\"elementor-element elementor-element-6718007 e-flex e-con-boxed e-con e-parent\" data-id=\"6718007\" data-element_type=\"container\" data-e-type=\"container\">\n\t\t\t\t\t<div class=\"e-con-inner\">\n\t\t\t\t<div class=\"elementor-element elementor-element-b5143a7 elementor-widget elementor-widget-text-editor\" data-id=\"b5143a7\" data-element_type=\"widget\" data-e-type=\"widget\" data-widget_type=\"text-editor.default\">\n\t\t\t\t\t\t\t\t\t<p>The Don Bosco Foundation \u2013 Paris Province, recognized as a public utility, with its registered office at 60 rue d\u2019H\u00e9rouville - 14000 CAEN and its administrative and correspondence office at 393 bis rue des Pyr\u00e9n\u00e9es \u2013 75020 Paris,<\/p><p>And the Don Bosco Foundation in Belgium, headquartered at Clos Andr\u00e9 Rappe 8, 1200 Woluwe-Saint-Lambert, under the aegis of the King Baudouin Foundation for Donations (https:\/\/kbs-frb.be\/fr\/politique-de-confidentialite-et-de-protection-de-la-vie-privee).<\/p><p>Hereinafter referred to as the Foundation,<\/p><p>Inform the user that the collected data will be integrated into their files.<\/p><p>The Foundation complies with general data protection regulations.<\/p>\t\t\t\t\t\t\t\t<\/div>\n\t\t\t\t<div class=\"elementor-element elementor-element-45ae8cf elementor-widget elementor-widget-spacer\" data-id=\"45ae8cf\" data-element_type=\"widget\" data-e-type=\"widget\" data-widget_type=\"spacer.default\">\n\t\t\t\t\t\t\t<div class=\"elementor-spacer\">\n\t\t\t<div class=\"elementor-spacer-inner\"><\/div>\n\t\t<\/div>\n\t\t\t\t\t\t<\/div>\n\t\t<div class=\"elementor-element elementor-element-681e0a9 e-con-full e-flex e-con e-child\" data-id=\"681e0a9\" data-element_type=\"container\" data-e-type=\"container\">\n\t\t<div class=\"elementor-element elementor-element-b925e8c e-con-full e-flex e-con e-child\" data-id=\"b925e8c\" data-element_type=\"container\" data-e-type=\"container\">\n\t\t\t\t<div class=\"elementor-element elementor-element-c202a9d elementor-widget elementor-widget-heading\" data-id=\"c202a9d\" data-element_type=\"widget\" data-e-type=\"widget\" data-widget_type=\"heading.default\">\n\t\t\t\t\t<h2 class=\"elementor-heading-title elementor-size-default\">Acceptance and consent<\/h2>\t\t\t\t<\/div>\n\t\t\t\t<div class=\"elementor-element elementor-element-bf9e6a8 elementor-widget elementor-widget-text-editor\" data-id=\"bf9e6a8\" data-element_type=\"widget\" data-e-type=\"widget\" data-widget_type=\"text-editor.default\">\n\t\t\t\t\t\t\t\t\t<p>The user declares that he\/she has been informed of the conditions for the protection of personal data indicated below, and accepts and consents to the processing of such data by the Foundation in the manner and for the purposes indicated in this policy for the protection of personal data.<\/p>\t\t\t\t\t\t\t\t<\/div>\n\t\t\t\t<\/div>\n\t\t<div class=\"elementor-element elementor-element-8e72e7b e-con-full e-flex e-con e-child\" data-id=\"8e72e7b\" data-element_type=\"container\" data-e-type=\"container\">\n\t\t\t\t<div class=\"elementor-element elementor-element-8f586cd elementor-widget elementor-widget-heading\" data-id=\"8f586cd\" data-element_type=\"widget\" data-e-type=\"widget\" data-widget_type=\"heading.default\">\n\t\t\t\t\t<h2 class=\"elementor-heading-title elementor-size-default\">Acceptance and consent<\/h2>\t\t\t\t<\/div>\n\t\t\t\t<div class=\"elementor-element elementor-element-7740631 elementor-widget elementor-widget-text-editor\" data-id=\"7740631\" data-element_type=\"widget\" data-e-type=\"widget\" data-widget_type=\"text-editor.default\">\n\t\t\t\t\t\t\t\t\t<p>The user declares that he\/she has been informed of the conditions for the protection of personal data indicated below, and accepts and consents to the processing of such data by the Foundation in the manner and for the purposes indicated in this policy for the protection of personal data.<\/p>\t\t\t\t\t\t\t\t<\/div>\n\t\t\t\t<\/div>\n\t\t<div class=\"elementor-element elementor-element-ff58fb7 e-con-full e-flex e-con e-child\" data-id=\"ff58fb7\" data-element_type=\"container\" data-e-type=\"container\">\n\t\t\t\t<div class=\"elementor-element elementor-element-9575208 elementor-widget elementor-widget-heading\" data-id=\"9575208\" data-element_type=\"widget\" data-e-type=\"widget\" data-widget_type=\"heading.default\">\n\t\t\t\t\t<h2 class=\"elementor-heading-title elementor-size-default\">Acceptance and consent<\/h2>\t\t\t\t<\/div>\n\t\t\t\t<div class=\"elementor-element elementor-element-45e0c21 elementor-widget elementor-widget-text-editor\" data-id=\"45e0c21\" data-element_type=\"widget\" data-e-type=\"widget\" data-widget_type=\"text-editor.default\">\n\t\t\t\t\t\t\t\t\t<p>The user declares that he\/she has been informed of the conditions for the protection of personal data indicated below, and accepts and consents to the processing of such data by the Foundation in the manner and for the purposes indicated in this policy for the protection of personal data.<\/p>\t\t\t\t\t\t\t\t<\/div>\n\t\t\t\t<\/div>\n\t\t<div class=\"elementor-element elementor-element-190b1dc e-con-full e-flex e-con e-child\" data-id=\"190b1dc\" data-element_type=\"container\" data-e-type=\"container\">\n\t\t\t\t<div class=\"elementor-element elementor-element-4aa594e elementor-widget elementor-widget-heading\" data-id=\"4aa594e\" data-element_type=\"widget\" data-e-type=\"widget\" data-widget_type=\"heading.default\">\n\t\t\t\t\t<h2 class=\"elementor-heading-title elementor-size-default\">Acceptance and consent<\/h2>\t\t\t\t<\/div>\n\t\t\t\t<div class=\"elementor-element elementor-element-fc90df8 elementor-widget elementor-widget-text-editor\" data-id=\"fc90df8\" data-element_type=\"widget\" data-e-type=\"widget\" data-widget_type=\"text-editor.default\">\n\t\t\t\t\t\t\t\t\t<p>The user declares that he\/she has been informed of the conditions for the protection of personal data indicated below, and accepts and consents to the processing of such data by the Foundation in the manner and for the purposes indicated in this policy for the protection of personal data.<\/p>\t\t\t\t\t\t\t\t<\/div>\n\t\t\t\t<\/div>\n\t\t<div class=\"elementor-element elementor-element-68734a0 e-con-full e-flex e-con e-child\" data-id=\"68734a0\" data-element_type=\"container\" data-e-type=\"container\">\n\t\t\t\t<div class=\"elementor-element elementor-element-dea6fd5 elementor-widget elementor-widget-heading\" data-id=\"dea6fd5\" data-element_type=\"widget\" data-e-type=\"widget\" data-widget_type=\"heading.default\">\n\t\t\t\t\t<h2 class=\"elementor-heading-title elementor-size-default\">Acceptance and consent<\/h2>\t\t\t\t<\/div>\n\t\t\t\t<div class=\"elementor-element elementor-element-453a8f5 elementor-widget elementor-widget-text-editor\" data-id=\"453a8f5\" data-element_type=\"widget\" data-e-type=\"widget\" data-widget_type=\"text-editor.default\">\n\t\t\t\t\t\t\t\t\t<p>The user declares that he\/she has been informed of the conditions for the protection of personal data indicated below, and accepts and consents to the processing of such data by the Foundation in the manner and for the purposes indicated in this policy for the protection of personal data.<\/p>\t\t\t\t\t\t\t\t<\/div>\n\t\t\t\t<\/div>\n\t\t<div class=\"elementor-element elementor-element-f9268d7 e-con-full e-flex e-con e-child\" data-id=\"f9268d7\" data-element_type=\"container\" data-e-type=\"container\">\n\t\t\t\t<div class=\"elementor-element elementor-element-0b16b1b elementor-widget elementor-widget-heading\" data-id=\"0b16b1b\" data-element_type=\"widget\" data-e-type=\"widget\" data-widget_type=\"heading.default\">\n\t\t\t\t\t<h2 class=\"elementor-heading-title elementor-size-default\">Acceptance and consent<\/h2>\t\t\t\t<\/div>\n\t\t\t\t<div class=\"elementor-element elementor-element-bc992d3 elementor-widget elementor-widget-text-editor\" data-id=\"bc992d3\" data-element_type=\"widget\" data-e-type=\"widget\" data-widget_type=\"text-editor.default\">\n\t\t\t\t\t\t\t\t\t<p>The user declares that he\/she has been informed of the conditions for the protection of personal data indicated below, and accepts and consents to the processing of such data by the Foundation in the manner and for the purposes indicated in this policy for the protection of personal data.<\/p>\t\t\t\t\t\t\t\t<\/div>\n\t\t\t\t<\/div>\n\t\t<div class=\"elementor-element elementor-element-5d9176e e-con-full e-flex e-con e-child\" data-id=\"5d9176e\" data-element_type=\"container\" data-e-type=\"container\">\n\t\t\t\t<div class=\"elementor-element elementor-element-69eed92 elementor-widget elementor-widget-heading\" data-id=\"69eed92\" data-element_type=\"widget\" data-e-type=\"widget\" data-widget_type=\"heading.default\">\n\t\t\t\t\t<h2 class=\"elementor-heading-title elementor-size-default\">Acceptance and consent<\/h2>\t\t\t\t<\/div>\n\t\t\t\t<div class=\"elementor-element elementor-element-d041839 elementor-widget elementor-widget-text-editor\" data-id=\"d041839\" data-element_type=\"widget\" data-e-type=\"widget\" data-widget_type=\"text-editor.default\">\n\t\t\t\t\t\t\t\t\t<p>The user declares that he\/she has been informed of the conditions for the protection of personal data indicated below, and accepts and consents to the processing of such data by the Foundation in the manner and for the purposes indicated in this policy for the protection of personal data.<\/p>\t\t\t\t\t\t\t\t<\/div>\n\t\t\t\t<\/div>\n\t\t\t\t<\/div>\n\t\t\t\t\t<\/div>\n\t\t\t\t<\/div>\n\t\t\t\t<\/div>","protected":false},"excerpt":{"rendered":"<p>La Fondation Don Bosco \u2013 Province de Paris reconnue d\u2019utilit\u00e9 publique, dont le si\u00e8ge social est 60 rue d\u2019H\u00e9rouville -14000 CAEN et le si\u00e8ge administratif et de correspondance 393 bis [&hellip;]<\/p>\n","protected":false},"author":1,"featured_media":0,"parent":0,"menu_order":0,"comment_status":"closed","ping_status":"closed","template":"","meta":{"_acf_changed":false,"footnotes":""},"class_list":["post-1244","page","type-page","status-publish","hentry"],"acf":[],"yoast_head":"<!-- This site is optimized with the Yoast SEO plugin v27.2 - https:\/\/yoast.com\/product\/yoast-seo-wordpress\/ -->\n<title>Mod\u00e8le de page tr\u00e8s simple - Fondation Don Bosco<\/title>\n<meta name=\"description\" content=\"La Fondation Don Bosco \u2013 Province de Paris reconnue d\u2019utilit\u00e9 publique, dont le si\u00e8ge social est 60 rue d\u2019H\u00e9rouville -14000 CAEN et le si\u00e8ge administratif\" \/>\n<meta name=\"robots\" content=\"index, follow, max-snippet:-1, max-image-preview:large, max-video-preview:-1\" \/>\n<link rel=\"canonical\" href=\"https:\/\/www.fondationdonbosco.org\/en\/modele-de-page-tres-simple\/\" \/>\n<meta property=\"og:locale\" content=\"en_US\" \/>\n<meta property=\"og:type\" content=\"article\" \/>\n<meta property=\"og:title\" content=\"Mod\u00e8le de page tr\u00e8s simple - Fondation Don Bosco\" \/>\n<meta property=\"og:description\" content=\"La Fondation Don Bosco \u2013 Province de Paris reconnue d\u2019utilit\u00e9 publique, dont le si\u00e8ge social est 60 rue d\u2019H\u00e9rouville -14000 CAEN et le si\u00e8ge administratif\" \/>\n<meta property=\"og:url\" content=\"https:\/\/www.fondationdonbosco.org\/en\/modele-de-page-tres-simple\/\" \/>\n<meta property=\"og:site_name\" content=\"Fondation Don Bosco\" \/>\n<meta property=\"article:modified_time\" content=\"2026-03-12T14:59:53+00:00\" \/>\n<meta name=\"twitter:card\" content=\"summary_large_image\" \/>\n<meta name=\"twitter:label1\" content=\"Est. reading time\" \/>\n\t<meta name=\"twitter:data1\" content=\"3 minutes\" \/>\n<script type=\"application\/ld+json\" class=\"yoast-schema-graph\">{\"@context\":\"https:\/\/schema.org\",\"@graph\":[{\"@type\":\"WebPage\",\"@id\":\"https:\/\/www.fondationdonbosco.org\/modele-de-page-tres-simple\/\",\"url\":\"https:\/\/www.fondationdonbosco.org\/modele-de-page-tres-simple\/\",\"name\":\"Mod\u00e8le de page tr\u00e8s simple - Fondation Don Bosco\",\"isPartOf\":{\"@id\":\"https:\/\/www.fondationdonbosco.org\/#website\"},\"datePublished\":\"2026-03-12T14:54:46+00:00\",\"dateModified\":\"2026-03-12T14:59:53+00:00\",\"description\":\"La Fondation Don Bosco \u2013 Province de Paris reconnue d\u2019utilit\u00e9 publique, dont le si\u00e8ge social est 60 rue d\u2019H\u00e9rouville -14000 CAEN et le si\u00e8ge administratif\",\"breadcrumb\":{\"@id\":\"https:\/\/www.fondationdonbosco.org\/modele-de-page-tres-simple\/#breadcrumb\"},\"inLanguage\":\"en-US\",\"potentialAction\":[{\"@type\":\"ReadAction\",\"target\":[\"https:\/\/www.fondationdonbosco.org\/modele-de-page-tres-simple\/\"]}]},{\"@type\":\"BreadcrumbList\",\"@id\":\"https:\/\/www.fondationdonbosco.org\/modele-de-page-tres-simple\/#breadcrumb\",\"itemListElement\":[{\"@type\":\"ListItem\",\"position\":1,\"name\":\"Accueil\",\"item\":\"https:\/\/www.fondationdonbosco.org\/\"},{\"@type\":\"ListItem\",\"position\":2,\"name\":\"Mod\u00e8le de page tr\u00e8s simple\"}]},{\"@type\":\"WebSite\",\"@id\":\"https:\/\/www.fondationdonbosco.org\/#website\",\"url\":\"https:\/\/www.fondationdonbosco.org\/\",\"name\":\"Fondation Don Bosco\",\"description\":\"Fondation reconnue d\u2019utilit\u00e9 publique depuis 1986\",\"potentialAction\":[{\"@type\":\"SearchAction\",\"target\":{\"@type\":\"EntryPoint\",\"urlTemplate\":\"https:\/\/www.fondationdonbosco.org\/?s={search_term_string}\"},\"query-input\":{\"@type\":\"PropertyValueSpecification\",\"valueRequired\":true,\"valueName\":\"search_term_string\"}}],\"inLanguage\":\"en-US\"}]}<\/script>\n<!-- \/ Yoast SEO plugin. -->","yoast_head_json":{"title":"Mod\u00e8le de page tr\u00e8s simple - Fondation Don Bosco","description":"La Fondation Don Bosco \u2013 Province de Paris reconnue d\u2019utilit\u00e9 publique, dont le si\u00e8ge social est 60 rue d\u2019H\u00e9rouville -14000 CAEN et le si\u00e8ge administratif","robots":{"index":"index","follow":"follow","max-snippet":"max-snippet:-1","max-image-preview":"max-image-preview:large","max-video-preview":"max-video-preview:-1"},"canonical":"https:\/\/www.fondationdonbosco.org\/en\/modele-de-page-tres-simple\/","og_locale":"en_US","og_type":"article","og_title":"Mod\u00e8le de page tr\u00e8s simple - Fondation Don Bosco","og_description":"La Fondation Don Bosco \u2013 Province de Paris reconnue d\u2019utilit\u00e9 publique, dont le si\u00e8ge social est 60 rue d\u2019H\u00e9rouville -14000 CAEN et le si\u00e8ge administratif","og_url":"https:\/\/www.fondationdonbosco.org\/en\/modele-de-page-tres-simple\/","og_site_name":"Fondation Don Bosco","article_modified_time":"2026-03-12T14:59:53+00:00","twitter_card":"summary_large_image","twitter_misc":{"Est. reading time":"3 minutes"},"schema":{"@context":"https:\/\/schema.org","@graph":[{"@type":"WebPage","@id":"https:\/\/www.fondationdonbosco.org\/modele-de-page-tres-simple\/","url":"https:\/\/www.fondationdonbosco.org\/modele-de-page-tres-simple\/","name":"Mod\u00e8le de page tr\u00e8s simple - Fondation Don Bosco","isPartOf":{"@id":"https:\/\/www.fondationdonbosco.org\/#website"},"datePublished":"2026-03-12T14:54:46+00:00","dateModified":"2026-03-12T14:59:53+00:00","description":"La Fondation Don Bosco \u2013 Province de Paris reconnue d\u2019utilit\u00e9 publique, dont le si\u00e8ge social est 60 rue d\u2019H\u00e9rouville -14000 CAEN et le si\u00e8ge administratif","breadcrumb":{"@id":"https:\/\/www.fondationdonbosco.org\/modele-de-page-tres-simple\/#breadcrumb"},"inLanguage":"en-US","potentialAction":[{"@type":"ReadAction","target":["https:\/\/www.fondationdonbosco.org\/modele-de-page-tres-simple\/"]}]},{"@type":"BreadcrumbList","@id":"https:\/\/www.fondationdonbosco.org\/modele-de-page-tres-simple\/#breadcrumb","itemListElement":[{"@type":"ListItem","position":1,"name":"Accueil","item":"https:\/\/www.fondationdonbosco.org\/"},{"@type":"ListItem","position":2,"name":"Mod\u00e8le de page tr\u00e8s simple"}]},{"@type":"WebSite","@id":"https:\/\/www.fondationdonbosco.org\/#website","url":"https:\/\/www.fondationdonbosco.org\/","name":"Don Bosco Foundation","description":"Foundation recognized as being of public utility since 1986","potentialAction":[{"@type":"SearchAction","target":{"@type":"EntryPoint","urlTemplate":"https:\/\/www.fondationdonbosco.org\/?s={search_term_string}"},"query-input":{"@type":"PropertyValueSpecification","valueRequired":true,"valueName":"search_term_string"}}],"inLanguage":"en-US"}]}},"_links":{"self":[{"href":"https:\/\/www.fondationdonbosco.org\/en\/wp-json\/wp\/v2\/pages\/1244","targetHints":{"allow":["GET"]}}],"collection":[{"href":"https:\/\/www.fondationdonbosco.org\/en\/wp-json\/wp\/v2\/pages"}],"about":[{"href":"https:\/\/www.fondationdonbosco.org\/en\/wp-json\/wp\/v2\/types\/page"}],"author":[{"embeddable":true,"href":"https:\/\/www.fondationdonbosco.org\/en\/wp-json\/wp\/v2\/users\/1"}],"replies":[{"embeddable":true,"href":"https:\/\/www.fondationdonbosco.org\/en\/wp-json\/wp\/v2\/comments?post=1244"}],"version-history":[{"count":10,"href":"https:\/\/www.fondationdonbosco.org\/en\/wp-json\/wp\/v2\/pages\/1244\/revisions"}],"predecessor-version":[{"id":1254,"href":"https:\/\/www.fondationdonbosco.org\/en\/wp-json\/wp\/v2\/pages\/1244\/revisions\/1254"}],"wp:attachment":[{"href":"https:\/\/www.fondationdonbosco.org\/en\/wp-json\/wp\/v2\/media?parent=1244"}],"curies":[{"name":"wp","href":"https:\/\/api.w.org\/{rel}","templated":true}]}}