{"version":"1.0","provider_name":"Don Bosco Foundation","provider_url":"https:\/\/www.fondationdonbosco.org\/en","author_name":"isabelle.trupin","author_url":"https:\/\/www.fondationdonbosco.org\/en\/author\/isabelle-trupin\/","title":"\"Refrains du Ciel\" - Album musical de Fr\u00e8re Benjamin - Fondation Don Bosco","type":"rich","width":600,"height":338,"html":"<blockquote class=\"wp-embedded-content\" data-secret=\"kdQF8pYue6\"><a href=\"https:\/\/www.fondationdonbosco.org\/en\/projet\/refrains-du-ciel-album-musical-de-frere-benjamin\/\">\u00abRefrains du Ciel\u00bb - Musical album by Fr\u00e8re Benjamin<\/a><\/blockquote><iframe sandbox=\"allow-scripts\" security=\"restricted\" src=\"https:\/\/www.fondationdonbosco.org\/en\/projet\/refrains-du-ciel-album-musical-de-frere-benjamin\/embed\/#?secret=kdQF8pYue6\" width=\"600\" height=\"338\" title=\"&#8220;\u00ab\u00a0Refrains du Ciel\u00a0\u00bb &#8211; Album musical de Fr\u00e8re Benjamin&#8221; &#8212; Fondation Don Bosco\" data-secret=\"kdQF8pYue6\" frameborder=\"0\" marginwidth=\"0\" marginheight=\"0\" scrolling=\"no\" class=\"wp-embedded-content\"><\/iframe><script>\n\/*! This file is auto-generated *\/\n!function(d,l){\"use strict\";l.querySelector&&d.addEventListener&&\"undefined\"!=typeof URL&&(d.wp=d.wp||{},d.wp.receiveEmbedMessage||(d.wp.receiveEmbedMessage=function(e){var t=e.data;if((t||t.secret||t.message||t.value)&&!\/[^a-zA-Z0-9]\/.test(t.secret)){for(var s,r,n,a=l.querySelectorAll('iframe[data-secret=\"'+t.secret+'\"]'),o=l.querySelectorAll('blockquote[data-secret=\"'+t.secret+'\"]'),c=new RegExp(\"^https?:$\",\"i\"),i=0;i<o.length;i++)o[i].style.display=\"none\";for(i=0;i<a.length;i++)s=a[i],e.source===s.contentWindow&&(s.removeAttribute(\"style\"),\"height\"===t.message?(1e3<(r=parseInt(t.value,10))?r=1e3:~~r<200&&(r=200),s.height=r):\"link\"===t.message&&(r=new URL(s.getAttribute(\"src\")),n=new URL(t.value),c.test(n.protocol))&&n.host===r.host&&l.activeElement===s&&(d.top.location.href=t.value))}},d.addEventListener(\"message\",d.wp.receiveEmbedMessage,!1),l.addEventListener(\"DOMContentLoaded\",function(){for(var e,t,s=l.querySelectorAll(\"iframe.wp-embedded-content\"),r=0;r<s.length;r++)(t=(e=s[r]).getAttribute(\"data-secret\"))||(t=Math.random().toString(36).substring(2,12),e.src+=\"#?secret=\"+t,e.setAttribute(\"data-secret\",t)),e.contentWindow.postMessage({message:\"ready\",secret:t},\"*\")},!1)))}(window,document);\n\/\/# sourceURL=https:\/\/www.fondationdonbosco.org\/wp-includes\/js\/wp-embed.min.js\n<\/script>","thumbnail_url":"https:\/\/www.fondationdonbosco.org\/wp-content\/uploads\/2026\/03\/refrain-0-photo-principale-redim-360x203-1.png","thumbnail_width":360,"thumbnail_height":203,"description":"Outil d'\u00e9vang\u00e9lisation et de pri\u00e8res, cet album est destin\u00e9 et accessibles \u00e0 tous. Depuis des ann\u00e9es, fr\u00e8re Benjamin, sal\u00e9sien de Don Bosco, anime des"}